{"id":30,"date":"2022-03-09T17:28:23","date_gmt":"2022-03-09T20:28:23","guid":{"rendered":"http:\/\/www5.centraldedominio.com.br\/new\/?page_id=30"},"modified":"2022-03-12T15:14:30","modified_gmt":"2022-03-12T18:14:30","slug":"tecnico-alocado","status":"publish","type":"page","link":"https:\/\/www5.centraldedominio.com.br\/new\/tecnico-alocado\/","title":{"rendered":"T\u00c9CNICO ALOCADO\u00a0"},"content":{"rendered":"\n<p>\u00c9 MUITO MAIS POTENCIAL PARA SUA EMPRESA<\/p>\n\n\n\n<p>Primeiramente, o T\u00e9cnico Alocado da&nbsp;<a href=\"https:\/\/llevon.com.br\/quem-somos-llevon\/\" target=\"_blank\" rel=\"noreferrer noopener\">CENTRAL DE DOMINIO<\/a>&nbsp;pode ser contratado da forma avulso ou mensal, todos s\u00e3o altamente qualificados para atuar em nossos clientes, inclusive com a op\u00e7\u00e3o de permanecer fisicamente alocados em nosso escrit\u00f3rio em S\u00e3o Paulo. Certamente esse servi\u00e7o \u00e9 recomendado para situa\u00e7\u00f5es de complementa\u00e7\u00e3o de equipes internas, ou quando houver um portf\u00f3lio definido de projetos a serem desenvolvidos sequencialmente.<\/p>\n\n\n\n<p>Nesse caso, recomendamos o modelo de&nbsp;<a href=\"https:\/\/llevon.com.br\/helpdesk\/\" target=\"_blank\" rel=\"noreferrer noopener\">aloca\u00e7\u00e3o gerenciada<\/a>, onde nossos recursos t\u00e9cnicos trabalham sob supervis\u00e3o parcial de um gerente da&nbsp;<a href=\"https:\/\/llevon.com.br\/terceirizacao-de-ti\/\" target=\"_blank\" rel=\"noreferrer noopener\">CENTRAL DE DOMINIO<\/a>, que garantir\u00e1 a produtividade do mesmo, a correta qualifica\u00e7\u00e3o e perfil do t\u00e9cnico, a qualidade dos produtos desenvolvidos pela equipe, al\u00e9m de apoiar o gerente do cliente na defini\u00e7\u00e3o das tarefas e organiza\u00e7\u00e3o do trabalho do time.<\/p>\n\n\n\n<p>Portanto, fique tranquilo, pois a&nbsp;<a href=\"https:\/\/llevon.com.br\/helpdesk-pequenas-empresas\/\" target=\"_blank\" rel=\"noreferrer noopener\">CENTRAL DE DOMINIO<\/a>&nbsp; est\u00e1 sempre atenta \u00e0 sua for\u00e7a de trabalho, garantindo a atualiza\u00e7\u00e3o t\u00e9cnica da equipe, substitui\u00e7\u00e3o dos recursos que n\u00e3o apresentarem performance ou perfil adequado para a demanda, al\u00e9m de fomentar o uso de nossa base de conhecimento compartilhada e de nossos f\u00f3runs de discuss\u00e3o t\u00e9cnica, de forma que os consultores ter\u00e3o sempre \u00e0 disposi\u00e7\u00e3o, estejam onde estiverem, o suporte de uma equipe de alto n\u00edvel para resolver e sugerir as mais diversas solu\u00e7\u00f5es para as quest\u00f5es t\u00e9cnicas que surgirem no dia-a-dia.<\/p>\n\n\n\n<p>Definitivamente, conte com a experi\u00eancia e a flexibilidade da&nbsp;<a href=\"https:\/\/llevon.com.br\/quem-somos-llevon\/\" target=\"_blank\" rel=\"noreferrer noopener\">CENTRAL DE DOMINIO<\/a>&nbsp;em apresentar as alternativas de formato de proposta de trabalho mais adequadas ao seu neg\u00f3cio, sua cultura organizacional e as especificidades de seus projetos.<\/p>\n\n\n\n<h5 class=\"wp-block-heading\"><strong>T\u00c9CNICO ALOCADO UMA OU MAIS VEZES POR SEMANA&nbsp;<\/strong><\/h5>\n\n\n\n<p>As necessidades de sua empresa podem ser de um T\u00e9cnico Alocado uma ou mais vezes por semana, a&nbsp;<strong>CENTRAL DE DOMINIO<\/strong>&nbsp;poder\u00e1 definir procedimentos, planejamentos para aproveitar ao m\u00e1ximo a visita t\u00e9cnica.<br>Estes procedimentos ser\u00e3o di\u00e1rios, semanais, mensais e trimestrais para a checagem de toda a sua estrutura de inform\u00e1tica,&nbsp;dessa forma garantiremos o perfeito funcionamento no decorrer do tempo.<br>Poderemos assim tamb\u00e9m definir SLA ou metas de atendimento para o T\u00e9cnico Alocado.<\/p>\n\n\n\n<p><strong>T\u00c9CNICO ALOCADO COM COORDENADOR<\/strong><\/p>\n\n\n\n<h5 class=\"wp-block-heading\"><strong>T\u00c9CNICO ALOCADO COM COORDENADOR<\/strong><\/h5>\n\n\n\n<p>Sua empresa tem uma estrutura tecnol\u00f3gica mais avan\u00e7ada,&nbsp;portanto,&nbsp;podemos prover um ou mais T\u00e9cnico(s)&nbsp; acompanhado(s) por um Coordenador,&nbsp;dessa forma,&nbsp;&nbsp;utilizando parte de seu tempo, o&nbsp;Coordenador utilizar\u00e1 parte do seu tempo alocado na sua empresa, para checagem, relat\u00f3rios e verifica\u00e7\u00e3o de desempenho do T\u00e9cnico Alocado. Assim como, o&nbsp;Coordenador definir\u00e1 tamb\u00e9m se os procedimentos ser\u00e3o di\u00e1rios, semanais, mensais e trimestrais para a checagem de toda a sua estrutura de inform\u00e1tica e garantirmos o perfeito funcionamento no decorrer do tempo.&nbsp;Poderemos definir SLA ou metas de atendimento para o T\u00e9cnico Alocado.<\/p>\n\n\n\n<p><strong>EQUIPE T\u00c9CNICA ALOCADA<\/strong><\/p>\n\n\n\n<p>Sua empresa tem uma estrutura tecnol\u00f3gica mais avan\u00e7ada, podemos prover uma&nbsp;<a href=\"https:\/\/llevon.com.br\/helpdesk\/\" target=\"_blank\" rel=\"noreferrer noopener\">Equipe T\u00e9cnica<\/a>&nbsp;Alocada na sua empresa.&nbsp;&nbsp;O compromisso da Equipe ser\u00e1 baseada em normas internacionais como ITIL e metas SLA, SLO. Assim sendo, o&nbsp;coordenador definir\u00e1 m\u00e9tricas, procedimentos, e relat\u00f3rios de acompanhamento.<\/p>\n\n\n\n<p><strong>PERFIL T\u00c9CNICO<\/strong><\/p>\n\n\n\n<p>Neste servi\u00e7o, nossos profissionais s\u00e3o alocados nas instala\u00e7\u00f5es do cliente,&nbsp;pois&nbsp;onde desenvolvem as atividades de TI previstas no dia a dia. Nossos analistas residentes s\u00e3o classificados em tr\u00eas perfis:<\/p>\n\n\n\n<ul class=\"wp-block-list\"><li>Perfil J\u00fanior \u2013 Indicado para empresas que queiram um analista residente para atendimentos de primeiro e segundo n\u00edveis a usu\u00e1rios e esta\u00e7\u00f5es de trabalho, por\u00e9m sem as restri\u00e7\u00f5es que o analista de perfil Trainee apresenta<\/li><li>Perfil Pleno \u2013 Indicado para empresas que queiram um analista residente para atendimentos de segundo n\u00edvel a usu\u00e1rios, esta\u00e7\u00f5es de trabalho, servidores e equipamentos de rede. Este perfil \u00e9 indicado para administra\u00e7\u00e3o da rede do Cliente, por ter alto grau de conhecimento em ferramentas e softwares de rede<\/li><li>Perfil S\u00eanior \u2013 Indicado para empresas que queiram um analista residente para atendimentos de segundo n\u00edvel a servidores e equipamentos de rede com alto grau de especializa\u00e7\u00e3o em ferramentas empregadas pelo Cliente&nbsp;&nbsp;<\/li><\/ul>\n\n\n\n<p><strong>PROCESSOS INDICADOS<\/strong><\/p>\n\n\n\n<ul class=\"wp-block-list\"><li>Gest\u00e3o do ambiente de microinform\u00e1tica<\/li><li>Coordena\u00e7\u00e3o da \u00e1rea de TI<\/li><li>Administra\u00e7\u00e3o dos contratos de TI de terceiros<\/li><li>Processos e Procedimentos da \u00c1rea de TI<\/li><li>Suporte aos usu\u00e1rios finais<\/li><li>Comit\u00ea de TI<\/li><li>Indicadores de TI<\/li><li>Melhorias para o Ambiente de TI<\/li><li>Documenta\u00e7\u00e3o da \u00c1rea de TI<\/li><li>Procedimento das Atividades Contratadas de TI<\/li><li>Check-list de Atividades de TI<\/li><li>Plano Diretor de Inform\u00e1tica<\/li><li>Auditoria (Preparat\u00f3rio para SOX)<\/li><li>Avalia\u00e7\u00e3o N\u00edvel de Maturidade de TI<\/li><li>Relat\u00f3rio Mensal de Atividades e Ocorr\u00eancias<\/li><li>Relat\u00f3rio Anual de Realiza\u00e7\u00f5es em TI<\/li><\/ul>\n\n\n\n<p>Qualquer duvida entre em <a href=\"http:\/\/www5.centraldedominio.com.br\/new\/contato\/\">contato<\/a><\/p>\n","protected":false},"excerpt":{"rendered":"<p>\u00c9 MUITO MAIS POTENCIAL PARA SUA EMPRESA Primeiramente, o T\u00e9cnico Alocado da&nbsp;CENTRAL DE DOMINIO&nbsp;pode ser contratado da forma avulso ou &hellip; <a href=\"https:\/\/www5.centraldedominio.com.br\/new\/tecnico-alocado\/\" class=\"more-link\">Continue reading <span class=\"screen-reader-text\">T\u00c9CNICO ALOCADO\u00a0<\/span><\/a><\/p>\n","protected":false},"author":1,"featured_media":0,"parent":0,"menu_order":0,"comment_status":"closed","ping_status":"closed","template":"","meta":{"footnotes":""},"class_list":["post-30","page","type-page","status-publish","hentry"],"yoast_head":"<!-- This site is optimized with the Yoast SEO plugin v27.5 - https:\/\/yoast.com\/product\/yoast-seo-wordpress\/ -->\n<title>T\u00c9CNICO ALOCADO\u00a0 - Central de Dominio %<\/title>\n<meta name=\"description\" content=\"T\u00c9CNICO ALOCADO\u00a0 Central de Dominio -\" \/>\n<meta name=\"robots\" content=\"index, follow, max-snippet:-1, max-image-preview:large, max-video-preview:-1\" \/>\n<link rel=\"canonical\" href=\"https:\/\/www5.centraldedominio.com.br\/new\/tecnico-alocado\/\" \/>\n<meta property=\"og:locale\" content=\"pt_BR\" \/>\n<meta property=\"og:type\" content=\"article\" \/>\n<meta property=\"og:title\" content=\"T\u00c9CNICO ALOCADO\u00a0 - Central de Dominio %\" \/>\n<meta property=\"og:description\" content=\"T\u00c9CNICO ALOCADO\u00a0 Central de Dominio -\" \/>\n<meta property=\"og:url\" content=\"https:\/\/www5.centraldedominio.com.br\/new\/tecnico-alocado\/\" \/>\n<meta property=\"og:site_name\" content=\"Central de Dominio\" \/>\n<meta property=\"article:modified_time\" content=\"2022-03-12T18:14:30+00:00\" \/>\n<meta name=\"twitter:card\" content=\"summary_large_image\" \/>\n<meta name=\"twitter:label1\" content=\"Est. tempo de leitura\" \/>\n\t<meta name=\"twitter:data1\" content=\"4 minutos\" \/>\n<script type=\"application\/ld+json\" class=\"yoast-schema-graph\">{\"@context\":\"https:\\\/\\\/schema.org\",\"@graph\":[{\"@type\":\"WebPage\",\"@id\":\"https:\\\/\\\/www5.centraldedominio.com.br\\\/new\\\/tecnico-alocado\\\/\",\"url\":\"https:\\\/\\\/www5.centraldedominio.com.br\\\/new\\\/tecnico-alocado\\\/\",\"name\":\"T\u00c9CNICO ALOCADO\u00a0 - Central de Dominio %\",\"isPartOf\":{\"@id\":\"https:\\\/\\\/www5.centraldedominio.com.br\\\/new\\\/#website\"},\"datePublished\":\"2022-03-09T20:28:23+00:00\",\"dateModified\":\"2022-03-12T18:14:30+00:00\",\"description\":\"T\u00c9CNICO ALOCADO\u00a0 Central de Dominio -\",\"breadcrumb\":{\"@id\":\"https:\\\/\\\/www5.centraldedominio.com.br\\\/new\\\/tecnico-alocado\\\/#breadcrumb\"},\"inLanguage\":\"pt-BR\",\"potentialAction\":[{\"@type\":\"ReadAction\",\"target\":[\"https:\\\/\\\/www5.centraldedominio.com.br\\\/new\\\/tecnico-alocado\\\/\"]}]},{\"@type\":\"BreadcrumbList\",\"@id\":\"https:\\\/\\\/www5.centraldedominio.com.br\\\/new\\\/tecnico-alocado\\\/#breadcrumb\",\"itemListElement\":[{\"@type\":\"ListItem\",\"position\":1,\"name\":\"In\u00edcio\",\"item\":\"https:\\\/\\\/www5.centraldedominio.com.br\\\/new\\\/\"},{\"@type\":\"ListItem\",\"position\":2,\"name\":\"T\u00c9CNICO ALOCADO\u00a0\"}]},{\"@type\":\"WebSite\",\"@id\":\"https:\\\/\\\/www5.centraldedominio.com.br\\\/new\\\/#website\",\"url\":\"https:\\\/\\\/www5.centraldedominio.com.br\\\/new\\\/\",\"name\":\"Central de Dominio\",\"description\":\"Hospedagem de Sites, Cloud Computing, Registro de Dominios, E-mail Profissional\",\"publisher\":{\"@id\":\"https:\\\/\\\/www5.centraldedominio.com.br\\\/new\\\/#organization\"},\"potentialAction\":[{\"@type\":\"SearchAction\",\"target\":{\"@type\":\"EntryPoint\",\"urlTemplate\":\"https:\\\/\\\/www5.centraldedominio.com.br\\\/new\\\/?s={search_term_string}\"},\"query-input\":{\"@type\":\"PropertyValueSpecification\",\"valueRequired\":true,\"valueName\":\"search_term_string\"}}],\"inLanguage\":\"pt-BR\"},{\"@type\":\"Organization\",\"@id\":\"https:\\\/\\\/www5.centraldedominio.com.br\\\/new\\\/#organization\",\"name\":\"Central de Dominio\",\"url\":\"https:\\\/\\\/www5.centraldedominio.com.br\\\/new\\\/\",\"logo\":{\"@type\":\"ImageObject\",\"inLanguage\":\"pt-BR\",\"@id\":\"https:\\\/\\\/www5.centraldedominio.com.br\\\/new\\\/#\\\/schema\\\/logo\\\/image\\\/\",\"url\":\"http:\\\/\\\/www5.centraldedominio.com.br\\\/new\\\/wp-content\\\/uploads\\\/2022\\\/03\\\/logo_central.gif\",\"contentUrl\":\"http:\\\/\\\/www5.centraldedominio.com.br\\\/new\\\/wp-content\\\/uploads\\\/2022\\\/03\\\/logo_central.gif\",\"width\":212,\"height\":79,\"caption\":\"Central de Dominio\"},\"image\":{\"@id\":\"https:\\\/\\\/www5.centraldedominio.com.br\\\/new\\\/#\\\/schema\\\/logo\\\/image\\\/\"}}]}<\/script>\n<!-- \/ Yoast SEO plugin. -->","yoast_head_json":{"title":"T\u00c9CNICO ALOCADO\u00a0 - Central de Dominio %","description":"T\u00c9CNICO ALOCADO\u00a0 Central de Dominio -","robots":{"index":"index","follow":"follow","max-snippet":"max-snippet:-1","max-image-preview":"max-image-preview:large","max-video-preview":"max-video-preview:-1"},"canonical":"https:\/\/www5.centraldedominio.com.br\/new\/tecnico-alocado\/","og_locale":"pt_BR","og_type":"article","og_title":"T\u00c9CNICO ALOCADO\u00a0 - Central de Dominio %","og_description":"T\u00c9CNICO ALOCADO\u00a0 Central de Dominio -","og_url":"https:\/\/www5.centraldedominio.com.br\/new\/tecnico-alocado\/","og_site_name":"Central de Dominio","article_modified_time":"2022-03-12T18:14:30+00:00","twitter_card":"summary_large_image","twitter_misc":{"Est. tempo de leitura":"4 minutos"},"schema":{"@context":"https:\/\/schema.org","@graph":[{"@type":"WebPage","@id":"https:\/\/www5.centraldedominio.com.br\/new\/tecnico-alocado\/","url":"https:\/\/www5.centraldedominio.com.br\/new\/tecnico-alocado\/","name":"T\u00c9CNICO ALOCADO\u00a0 - Central de Dominio %","isPartOf":{"@id":"https:\/\/www5.centraldedominio.com.br\/new\/#website"},"datePublished":"2022-03-09T20:28:23+00:00","dateModified":"2022-03-12T18:14:30+00:00","description":"T\u00c9CNICO ALOCADO\u00a0 Central de Dominio -","breadcrumb":{"@id":"https:\/\/www5.centraldedominio.com.br\/new\/tecnico-alocado\/#breadcrumb"},"inLanguage":"pt-BR","potentialAction":[{"@type":"ReadAction","target":["https:\/\/www5.centraldedominio.com.br\/new\/tecnico-alocado\/"]}]},{"@type":"BreadcrumbList","@id":"https:\/\/www5.centraldedominio.com.br\/new\/tecnico-alocado\/#breadcrumb","itemListElement":[{"@type":"ListItem","position":1,"name":"In\u00edcio","item":"https:\/\/www5.centraldedominio.com.br\/new\/"},{"@type":"ListItem","position":2,"name":"T\u00c9CNICO ALOCADO\u00a0"}]},{"@type":"WebSite","@id":"https:\/\/www5.centraldedominio.com.br\/new\/#website","url":"https:\/\/www5.centraldedominio.com.br\/new\/","name":"Central de Dominio","description":"Hospedagem de Sites, Cloud Computing, Registro de Dominios, E-mail Profissional","publisher":{"@id":"https:\/\/www5.centraldedominio.com.br\/new\/#organization"},"potentialAction":[{"@type":"SearchAction","target":{"@type":"EntryPoint","urlTemplate":"https:\/\/www5.centraldedominio.com.br\/new\/?s={search_term_string}"},"query-input":{"@type":"PropertyValueSpecification","valueRequired":true,"valueName":"search_term_string"}}],"inLanguage":"pt-BR"},{"@type":"Organization","@id":"https:\/\/www5.centraldedominio.com.br\/new\/#organization","name":"Central de Dominio","url":"https:\/\/www5.centraldedominio.com.br\/new\/","logo":{"@type":"ImageObject","inLanguage":"pt-BR","@id":"https:\/\/www5.centraldedominio.com.br\/new\/#\/schema\/logo\/image\/","url":"http:\/\/www5.centraldedominio.com.br\/new\/wp-content\/uploads\/2022\/03\/logo_central.gif","contentUrl":"http:\/\/www5.centraldedominio.com.br\/new\/wp-content\/uploads\/2022\/03\/logo_central.gif","width":212,"height":79,"caption":"Central de Dominio"},"image":{"@id":"https:\/\/www5.centraldedominio.com.br\/new\/#\/schema\/logo\/image\/"}}]}},"jetpack_sharing_enabled":true,"_links":{"self":[{"href":"https:\/\/www5.centraldedominio.com.br\/new\/wp-json\/wp\/v2\/pages\/30","targetHints":{"allow":["GET"]}}],"collection":[{"href":"https:\/\/www5.centraldedominio.com.br\/new\/wp-json\/wp\/v2\/pages"}],"about":[{"href":"https:\/\/www5.centraldedominio.com.br\/new\/wp-json\/wp\/v2\/types\/page"}],"author":[{"embeddable":true,"href":"https:\/\/www5.centraldedominio.com.br\/new\/wp-json\/wp\/v2\/users\/1"}],"replies":[{"embeddable":true,"href":"https:\/\/www5.centraldedominio.com.br\/new\/wp-json\/wp\/v2\/comments?post=30"}],"version-history":[{"count":5,"href":"https:\/\/www5.centraldedominio.com.br\/new\/wp-json\/wp\/v2\/pages\/30\/revisions"}],"predecessor-version":[{"id":346,"href":"https:\/\/www5.centraldedominio.com.br\/new\/wp-json\/wp\/v2\/pages\/30\/revisions\/346"}],"wp:attachment":[{"href":"https:\/\/www5.centraldedominio.com.br\/new\/wp-json\/wp\/v2\/media?parent=30"}],"curies":[{"name":"wp","href":"https:\/\/api.w.org\/{rel}","templated":true}]}}